{"id":8664,"date":"2023-01-18T17:45:18","date_gmt":"2023-01-18T17:45:18","guid":{"rendered":"https:\/\/www.officemovepro.com\/faq-sur-le-demenagement-de-bureau\/"},"modified":"2025-09-09T21:31:17","modified_gmt":"2025-09-09T21:31:17","slug":"faqs","status":"publish","type":"page","link":"https:\/\/www.officemovepro.com\/fr\/faqs\/","title":{"rendered":"FAQ sur le d\u00e9m\u00e9nagement de bureau"},"content":{"rendered":"[vc_row type=&#8221;full_width_background&#8221; full_screen_row_position=&#8221;middle&#8221; column_margin=&#8221;default&#8221; column_direction=&#8221;default&#8221; column_direction_tablet=&#8221;default&#8221; column_direction_phone=&#8221;default&#8221; bg_color=&#8221;#f7f7f7&#8243; scene_position=&#8221;center&#8221; top_padding=&#8221;100&#8243; bottom_padding=&#8221;100&#8243; text_color=&#8221;dark&#8221; text_align=&#8221;left&#8221; row_border_radius=&#8221;none&#8221; row_border_radius_applies=&#8221;bg&#8221; overflow=&#8221;visible&#8221; overlay_strength=&#8221;0.3&#8243; gradient_direction=&#8221;left_to_right&#8221; shape_divider_position=&#8221;bottom&#8221; bg_image_animation=&#8221;none&#8221;][vc_column column_padding=&#8221;no-extra-padding&#8221; column_padding_tablet=&#8221;inherit&#8221; column_padding_phone=&#8221;inherit&#8221; column_padding_position=&#8221;all&#8221; column_element_direction_desktop=&#8221;default&#8221; column_element_spacing=&#8221;default&#8221; desktop_text_alignment=&#8221;default&#8221; tablet_text_alignment=&#8221;default&#8221; phone_text_alignment=&#8221;default&#8221; background_color_opacity=&#8221;1&#8243; background_hover_color_opacity=&#8221;1&#8243; column_backdrop_filter=&#8221;none&#8221; column_shadow=&#8221;none&#8221; column_border_radius=&#8221;none&#8221; column_link_target=&#8221;_self&#8221; column_position=&#8221;default&#8221; gradient_direction=&#8221;left_to_right&#8221; overlay_strength=&#8221;0.3&#8243; width=&#8221;1\/1&#8243; tablet_width_inherit=&#8221;default&#8221; animation_type=&#8221;default&#8221; bg_image_animation=&#8221;none&#8221; border_type=&#8221;simple&#8221; column_border_width=&#8221;none&#8221; column_border_style=&#8221;solid&#8221;][vc_column_text]\n<h2>FAQ sur le d\u00e9m\u00e9nagement de bureau<\/h2>\n[\/vc_column_text][toggles style=&#8221;minimal&#8221;][toggle color=&#8221;Default&#8221; heading_tag=&#8221;default&#8221; heading_tag_functionality=&#8221;default&#8221; title=&#8221;Est-ce que Office Move Pro offre un programme de d\u00e9m\u00e9nagement qui respecte l\u2019environnement ?&#8221;][vc_column_text css=&#8221;&#8221; text_direction=&#8221;default&#8221;]Oui. Office Move Pro a mis sur pied un programme de d\u00e9m\u00e9nagement \u00e9cologique exclusif <a href=\"https:\/\/www.officemovepro.com\/fr\/services\/recuperation-de-mobilier-de-bureau-ecoresponsable\/\">ENVIROMOVE<\/a> qui r\u00e9pond directement aux pr\u00e9occupations de nos clients sur la mise au rebut d\u2019\u00e9quipements tels que les meubles et les appareils \u00e9lectroniques, lesquels sont envoy\u00e9s directement dans nos d\u00e9p\u00f4ts de d\u00e9chets. Nous travaillons en collaboration avec nos clients afin de minimiser leur empreinte \u00e9cologique, en offrant des solutions alternatives \u00e0 l\u2019accumulation de d\u00e9chets corporatifs et commerciaux.[\/vc_column_text][\/toggle][toggle color=&#8221;Default&#8221; heading_tag=&#8221;default&#8221; heading_tag_functionality=&#8221;default&#8221; title=&#8221;Est-ce qu\u2019il y moyen de suivre la progression mon d\u00e9m\u00e9nagement ?&#8221;][vc_column_text]Oui. Notre programme exclusif Office Move Net vous offre la possibilit\u00e9 de voir l\u2019ex\u00e9cution de vos services en temps r\u00e9el, ce qui vous donne la tranquillit\u00e9 d\u2019esprit quand \u00e0 la progression de chacune des \u00e9tapes de votre d\u00e9m\u00e9nagement. Vous pouvez aussi avoir acc\u00e8s au dossier des services qui ont d\u00e9j\u00e0 \u00e9t\u00e9 compl\u00e9t\u00e9s. *Veuillez prendre note que ce service n\u2019est pas disponible pour tous les clients.   <\/p>\n<h3 id=\"Does-Office-Move-Pro-have-multiple-locations?\" class=\"header faq-header\"><\/h3>\n[\/vc_column_text][\/toggle][toggle color=&#8221;Default&#8221; heading_tag=&#8221;default&#8221; heading_tag_functionality=&#8221;default&#8221; title=&#8221;Est-ce que Office Move Pro poss\u00e8de plusieurs succursales ?&#8221;][vc_column_text css=&#8221;&#8221; text_direction=&#8221;default&#8221;]Oui. Office Move Pro est fier d&#8217;avoir des succursales dans ces <a href=\"https:\/\/www.officemovepro.com\/fr\/succursales\/\">endroits<\/a>.[\/vc_column_text][\/toggle][toggle color=&#8221;Default&#8221; heading_tag=&#8221;default&#8221; heading_tag_functionality=&#8221;default&#8221; title=&#8221;Travaillez-vous avec vos propres \u00e9quipements ou faites-vous appel \u00e0 un fournisseur tiers?&#8221;][vc_column_text]Office Move Pro poss\u00e8de ses propres \u00e9quipements personnalis\u00e9s incluant nos <a href=\"https:\/\/www.officemovepro.com\/fr\/services\/boites-de-demenagement-reutilisables-materiel-de-demenagement-de-bureaux\">caisses de d\u00e9m\u00e9nagement E-Crate<\/a> de couleur orange, exclusive a notre entreprise.<\/p>\n<h3 id=\"How-much-more-will-Office-Move-Pro-charge-for-office-moves-completed-before-or-after-business-hours,-or-over-weekends?\" class=\"header faq-header\"><\/h3>\n[\/vc_column_text][\/toggle][toggle color=&#8221;Default&#8221; heading_tag=&#8221;default&#8221; heading_tag_functionality=&#8221;default&#8221; title=&#8221;Quel montant suppl\u00e9mentaire Office Move Pro applique-t-elle pour les d\u00e9m\u00e9nagements qui sont effectu\u00e9s en dehors des heures normales de travail ou lors des fins de semaine ?&#8221;][vc_column_text]Nous ne demandons pas de montant suppl\u00e9mentaire sauf pour les jours f\u00e9ri\u00e9s officiels. En tant que plus important d\u00e9m\u00e9nageur commercial, nous prenons les mesures n\u00e9cessaires pour que les op\u00e9rations de votre entreprise soient le moins perturb\u00e9es possible. Ce qui veut dire que la majorit\u00e9 de notre travail est effectu\u00e9 les soirs et les fins de semaine.  <\/p>\n<h3 id=\"Is-Office-Move-Pro-insured?-How-much-insurance-do-you-have?\" class=\"header faq-header\"><\/h3>\n[\/vc_column_text][\/toggle][\/toggles][toggles style=&#8221;minimal&#8221;][toggle color=&#8221;Default&#8221; heading_tag=&#8221;default&#8221; heading_tag_functionality=&#8221;default&#8221; title=&#8221;Est-ce que Office Move Pro poss\u00e8de une assurance? Quel montant de couverture d\u2019assurance poss\u00e9dez-vous ? &#8220;][vc_column_text]Oui. Office Move Pro poss\u00e8de une couverture d\u2019assurance suffisante pour r\u00e9pondre \u00e0 toutes les exigences en mati\u00e8re de <a href=\"https:\/\/www.officemovepro.com\/fr\/services\/\">d\u00e9m\u00e9nagement d\u2019entreprises<\/a>. Une couverture d\u2019assurance suppl\u00e9mentaire est disponible au besoin.  <\/p>\n<h3 id=\"Are-your-office-movers-uniformed?\" class=\"header faq-header\"><\/h3>\n[\/vc_column_text][\/toggle][toggle color=&#8221;Default&#8221; heading_tag=&#8221;default&#8221; heading_tag_functionality=&#8221;default&#8221; title=&#8221;Est-ce que vos d\u00e9m\u00e9nageurs portent un uniforme ?&#8221;][vc_column_text]Oui, \u00c9tant donn\u00e9 que nous sommes des professionnels qui d\u00e9m\u00e9nageons des professionnels, Office Move Pro poss\u00e8de une politique vestimentaire stricte qui comprend des chemises aux couleurs de l\u2019entreprise, des pantalons\/shorts noirs et des souliers \u00e0 embouts d\u2019acier. <\/p>\n<h3 id=\"Is-Office-Move-Pro-strictly-a-moving-company,-or-do-you-offer-other-services-like-installations,-re-configurations,-etc.?\" class=\"header faq-header\"><\/h3>\n[\/vc_column_text][\/toggle][toggle color=&#8221;Default&#8221; heading_tag=&#8221;default&#8221; heading_tag_functionality=&#8221;default&#8221; title=&#8221;Est-ce que Office Move Pro est uniquement une entreprise de d\u00e9m\u00e9nagement ou offre-t-elle d\u2019autres services comme l\u2019installation, la reconfiguration, etc. ?&#8221;][vc_column_text css=&#8221;&#8221; text_direction=&#8221;default&#8221;]Office Move Pro est une entreprise de d\u00e9m\u00e9nagement offrant une gamme compl\u00e8te de services li\u00e9s aux d\u00e9m\u00e9nagements commerciaux et d\u2019entreprises. Nous poss\u00e9dons l\u2019expertise, l\u2019exp\u00e9rience et les qualifications pour aider \u00e0 <a href=\"https:\/\/www.officemovepro.com\/fr\/services\/reconfiguration-et-installation-du-mobilier-de-bureau\/\">l\u2019installation et la reconfiguration du mobilier de bureau <\/a>, <a href=\"https:\/\/www.officemovepro.com\/fr\/services\/recuperation-de-mobilier-de-bureau-ecoresponsable\/\">le transport de mobilier de bureau<\/a>, la d\u00e9saffectation, <a href=\"https:\/\/www.officemovepro.com\/fr\/services\/solutions-de-demenagement-et-dentreposage\/\">le d\u00e9m\u00e9nagement et l\u2019entreposage<\/a>. <\/p>\n<h3 id=\"Does-Office-Move-Pro-complete-residential-moves-as-well-as-commercial-moves?\" class=\"header faq-header\"><\/h3>\n[\/vc_column_text][\/toggle][toggle color=&#8221;Default&#8221; heading_tag=&#8221;default&#8221; heading_tag_functionality=&#8221;default&#8221; title=&#8221;Est-ce que Office Move Pro effectue autant des d\u00e9m\u00e9nagements r\u00e9sidentiels que commerciaux ?&#8221;][vc_column_text]Non, Nous sommes des sp\u00e9cialistes des d\u00e9m\u00e9nagements corporatifs et commerciaux (Bureau\/Entreprise\/Entrep\u00f4t\/Industriel\/M\u00e9dical). <\/p>\n<h3 id=\"Are-your-office-movers-contractors-or-your-own-employees?\" class=\"header faq-header\"><\/h3>\n[\/vc_column_text][\/toggle][toggle color=&#8221;Default&#8221; heading_tag=&#8221;default&#8221; heading_tag_functionality=&#8221;default&#8221; title=&#8221;Est-ce que vos d\u00e9m\u00e9nageurs corporatifs sont des sous-traitants ou vos propres employ\u00e9s ?&#8221;][vc_column_text]Tout les membres du personnel de Office Move Pro (temps plein ou temps partiel) sont des professionnels de relocalisation comp\u00e9tents qui ont re\u00e7u une formation interne, qui sont certifi\u00e9s et qui ont subi une enqu\u00eate de s\u00e9curit\u00e9 ce qui leur permet de r\u00e9pondre aux besoins sp\u00e9cifiques de votre d\u00e9m\u00e9nagement.<\/p>\n<h3 id=\"Will-Office-Move-Pro-assign-a-project-manager-to-my-move?\" class=\"header faq-header\"><\/h3>\n[\/vc_column_text][\/toggle][toggle color=&#8221;Default&#8221; heading_tag=&#8221;default&#8221; heading_tag_functionality=&#8221;default&#8221; title=&#8221;Est-ce que Office Move Pro assignera un g\u00e9rant de projet \u00e0 mon d\u00e9m\u00e9nagement ?&#8221;][vc_column_text]Oui. Nous nommons un responsable form\u00e9 pour chaque d\u00e9m\u00e9nagement. Pour les plus grands projets, nous ajoutons la contribution d\u2019un g\u00e9rant de projet. Veuillez <a href=\"https:\/\/www.officemovepro.com\/fr\/communiquez-avec-office-move-pro\/\">communiquer avec nous <\/a>pour conna\u00eetre notre capacit\u00e9 de gestion des d\u00e9m\u00e9nagements.   <\/p>\n<h3 id=\"How-far-in-advance-should-I-book-my-move?\" class=\"header faq-header\"><\/h3>\n[\/vc_column_text][\/toggle][toggle color=&#8221;Default&#8221; heading_tag=&#8221;default&#8221; heading_tag_functionality=&#8221;default&#8221; title=&#8221;Est-ce que Office Move Pro assignera un g\u00e9rant de projet \u00e0 mon d\u00e9m\u00e9nagement ?&#8221;][vc_column_text]La cl\u00e9 pour une coordination efficace d\u2019un d\u00e9m\u00e9nagement d\u2019entreprise et commercial est la planification. Nous devons conna\u00eetre la date de votre d\u00e9m\u00e9nagement le plus t\u00f4t possible. Cependant, nous faisons tout en notre possible pour accommoder toutes les demandes de d\u00e9m\u00e9nagement d\u2019entreprises, m\u00eame lorsqu\u2019il s\u2019agit de demandes de derni\u00e8re minute.[\/vc_column_text][\/toggle][\/toggles][\/vc_column][\/vc_row]\n","protected":false},"excerpt":{"rendered":"<p>[vc_row type=&#8221;full_width_background&#8221; full_screen_row_position=&#8221;middle&#8221; column_margin=&#8221;default&#8221; column_direction=&#8221;default&#8221; column_direction_tablet=&#8221;default&#8221; column_direction_phone=&#8221;default&#8221; bg_color=&#8221;#f7f7f7&#8243; scene_position=&#8221;center&#8221; top_padding=&#8221;100&#8243; bottom_padding=&#8221;100&#8243; text_color=&#8221;dark&#8221; text_align=&#8221;left&#8221; row_border_radius=&#8221;none&#8221; row_border_radius_applies=&#8221;bg&#8221; overflow=&#8221;visible&#8221; overlay_strength=&#8221;0.3&#8243; gradient_direction=&#8221;left_to_right&#8221; shape_divider_position=&#8221;bottom&#8221; bg_image_animation=&#8221;none&#8221;][vc_column column_padding=&#8221;no-extra-padding&#8221; column_padding_tablet=&#8221;inherit&#8221; column_padding_phone=&#8221;inherit&#8221; column_padding_position=&#8221;all&#8221; column_element_direction_desktop=&#8221;default&#8221; column_element_spacing=&#8221;default&#8221; desktop_text_alignment=&#8221;default&#8221; tablet_text_alignment=&#8221;default&#8221; phone_text_alignment=&#8221;default&#8221; background_color_opacity=&#8221;1&#8243;&#8230;<\/p>\n","protected":false},"author":2,"featured_media":0,"parent":0,"menu_order":0,"comment_status":"closed","ping_status":"closed","template":"","meta":{"footnotes":""},"categories":[],"tags":[],"class_list":["post-8664","page","type-page","status-publish"],"yoast_head":"<!-- This site is optimized with the Yoast SEO plugin v27.2 - https:\/\/yoast.com\/product\/yoast-seo-wordpress\/ -->\n<title>FAQ | Foire aux questions | Office Move Pro<\/title>\n<meta name=\"description\" content=\"La cl\u00e9 d\u2019une coordination efficace des d\u00e9m\u00e9nagements d\u2019entreprise et commerciaux est la planification. Consultez notre FAQ pour obtenir les r\u00e9ponses aux questions courantes sur nos services.\" \/>\n<meta name=\"robots\" content=\"index, follow, max-snippet:-1, max-image-preview:large, max-video-preview:-1\" \/>\n<link rel=\"canonical\" href=\"https:\/\/www.officemovepro.com\/fr\/faqs\/\" \/>\n<meta property=\"og:locale\" content=\"fr_FR\" \/>\n<meta property=\"og:type\" content=\"article\" \/>\n<meta property=\"og:title\" content=\"FAQ | Foire aux questions | Office Move Pro\" \/>\n<meta property=\"og:description\" content=\"La cl\u00e9 d\u2019une coordination efficace des d\u00e9m\u00e9nagements d\u2019entreprise et commerciaux est la planification. Consultez notre FAQ pour obtenir les r\u00e9ponses aux questions courantes sur nos services.\" \/>\n<meta property=\"og:url\" content=\"https:\/\/www.officemovepro.com\/fr\/faqs\/\" \/>\n<meta property=\"og:site_name\" content=\"Office Move Pro\" \/>\n<meta property=\"article:modified_time\" content=\"2025-09-09T21:31:17+00:00\" \/>\n<meta name=\"twitter:card\" content=\"summary_large_image\" \/>\n<meta name=\"twitter:label1\" content=\"Est. reading time\" \/>\n\t<meta name=\"twitter:data1\" content=\"6 minutes\" \/>\n<script type=\"application\/ld+json\" class=\"yoast-schema-graph\">{\"@context\":\"https:\/\/schema.org\",\"@graph\":[{\"@type\":\"WebPage\",\"@id\":\"https:\/\/www.officemovepro.com\/fr\/faqs\/\",\"url\":\"https:\/\/www.officemovepro.com\/fr\/faqs\/\",\"name\":\"FAQ | Foire aux questions | Office Move Pro\",\"isPartOf\":{\"@id\":\"https:\/\/www.officemovepro.com\/fr\/#website\"},\"datePublished\":\"2023-01-18T17:45:18+00:00\",\"dateModified\":\"2025-09-09T21:31:17+00:00\",\"description\":\"La cl\u00e9 d\u2019une coordination efficace des d\u00e9m\u00e9nagements d\u2019entreprise et commerciaux est la planification. Consultez notre FAQ pour obtenir les r\u00e9ponses aux questions courantes sur nos services.\",\"breadcrumb\":{\"@id\":\"https:\/\/www.officemovepro.com\/fr\/faqs\/#breadcrumb\"},\"inLanguage\":\"fr-FR\",\"potentialAction\":[{\"@type\":\"ReadAction\",\"target\":[\"https:\/\/www.officemovepro.com\/fr\/faqs\/\"]}]},{\"@type\":\"BreadcrumbList\",\"@id\":\"https:\/\/www.officemovepro.com\/fr\/faqs\/#breadcrumb\",\"itemListElement\":[{\"@type\":\"ListItem\",\"position\":1,\"name\":\"Home\",\"item\":\"https:\/\/www.officemovepro.com\/fr\/\"},{\"@type\":\"ListItem\",\"position\":2,\"name\":\"FAQ sur le d\u00e9m\u00e9nagement de bureau\"}]},{\"@type\":\"WebSite\",\"@id\":\"https:\/\/www.officemovepro.com\/fr\/#website\",\"url\":\"https:\/\/www.officemovepro.com\/fr\/\",\"name\":\"Office Move Pro\",\"description\":\"Get Moving!\",\"potentialAction\":[{\"@type\":\"SearchAction\",\"target\":{\"@type\":\"EntryPoint\",\"urlTemplate\":\"https:\/\/www.officemovepro.com\/fr\/?s={search_term_string}\"},\"query-input\":{\"@type\":\"PropertyValueSpecification\",\"valueRequired\":true,\"valueName\":\"search_term_string\"}}],\"inLanguage\":\"fr-FR\"}]}<\/script>\n<!-- \/ Yoast SEO plugin. -->","yoast_head_json":{"title":"FAQ | Foire aux questions | Office Move Pro","description":"La cl\u00e9 d\u2019une coordination efficace des d\u00e9m\u00e9nagements d\u2019entreprise et commerciaux est la planification. Consultez notre FAQ pour obtenir les r\u00e9ponses aux questions courantes sur nos services.","robots":{"index":"index","follow":"follow","max-snippet":"max-snippet:-1","max-image-preview":"max-image-preview:large","max-video-preview":"max-video-preview:-1"},"canonical":"https:\/\/www.officemovepro.com\/fr\/faqs\/","og_locale":"fr_FR","og_type":"article","og_title":"FAQ | Foire aux questions | Office Move Pro","og_description":"La cl\u00e9 d\u2019une coordination efficace des d\u00e9m\u00e9nagements d\u2019entreprise et commerciaux est la planification. Consultez notre FAQ pour obtenir les r\u00e9ponses aux questions courantes sur nos services.","og_url":"https:\/\/www.officemovepro.com\/fr\/faqs\/","og_site_name":"Office Move Pro","article_modified_time":"2025-09-09T21:31:17+00:00","twitter_card":"summary_large_image","twitter_misc":{"Est. reading time":"6 minutes"},"schema":{"@context":"https:\/\/schema.org","@graph":[{"@type":"WebPage","@id":"https:\/\/www.officemovepro.com\/fr\/faqs\/","url":"https:\/\/www.officemovepro.com\/fr\/faqs\/","name":"FAQ | Foire aux questions | Office Move Pro","isPartOf":{"@id":"https:\/\/www.officemovepro.com\/fr\/#website"},"datePublished":"2023-01-18T17:45:18+00:00","dateModified":"2025-09-09T21:31:17+00:00","description":"La cl\u00e9 d\u2019une coordination efficace des d\u00e9m\u00e9nagements d\u2019entreprise et commerciaux est la planification. Consultez notre FAQ pour obtenir les r\u00e9ponses aux questions courantes sur nos services.","breadcrumb":{"@id":"https:\/\/www.officemovepro.com\/fr\/faqs\/#breadcrumb"},"inLanguage":"fr-FR","potentialAction":[{"@type":"ReadAction","target":["https:\/\/www.officemovepro.com\/fr\/faqs\/"]}]},{"@type":"BreadcrumbList","@id":"https:\/\/www.officemovepro.com\/fr\/faqs\/#breadcrumb","itemListElement":[{"@type":"ListItem","position":1,"name":"Home","item":"https:\/\/www.officemovepro.com\/fr\/"},{"@type":"ListItem","position":2,"name":"FAQ sur le d\u00e9m\u00e9nagement de bureau"}]},{"@type":"WebSite","@id":"https:\/\/www.officemovepro.com\/fr\/#website","url":"https:\/\/www.officemovepro.com\/fr\/","name":"Office Move Pro","description":"Get Moving!","potentialAction":[{"@type":"SearchAction","target":{"@type":"EntryPoint","urlTemplate":"https:\/\/www.officemovepro.com\/fr\/?s={search_term_string}"},"query-input":{"@type":"PropertyValueSpecification","valueRequired":true,"valueName":"search_term_string"}}],"inLanguage":"fr-FR"}]}},"_links":{"self":[{"href":"https:\/\/www.officemovepro.com\/fr\/wp-json\/wp\/v2\/pages\/8664","targetHints":{"allow":["GET"]}}],"collection":[{"href":"https:\/\/www.officemovepro.com\/fr\/wp-json\/wp\/v2\/pages"}],"about":[{"href":"https:\/\/www.officemovepro.com\/fr\/wp-json\/wp\/v2\/types\/page"}],"author":[{"embeddable":true,"href":"https:\/\/www.officemovepro.com\/fr\/wp-json\/wp\/v2\/users\/2"}],"replies":[{"embeddable":true,"href":"https:\/\/www.officemovepro.com\/fr\/wp-json\/wp\/v2\/comments?post=8664"}],"version-history":[{"count":4,"href":"https:\/\/www.officemovepro.com\/fr\/wp-json\/wp\/v2\/pages\/8664\/revisions"}],"predecessor-version":[{"id":9274,"href":"https:\/\/www.officemovepro.com\/fr\/wp-json\/wp\/v2\/pages\/8664\/revisions\/9274"}],"wp:attachment":[{"href":"https:\/\/www.officemovepro.com\/fr\/wp-json\/wp\/v2\/media?parent=8664"}],"wp:term":[{"taxonomy":"category","embeddable":true,"href":"https:\/\/www.officemovepro.com\/fr\/wp-json\/wp\/v2\/categories?post=8664"},{"taxonomy":"post_tag","embeddable":true,"href":"https:\/\/www.officemovepro.com\/fr\/wp-json\/wp\/v2\/tags?post=8664"}],"curies":[{"name":"wp","href":"https:\/\/api.w.org\/{rel}","templated":true}]}}